{"id":3677,"date":"2018-11-21T16:55:43","date_gmt":"2018-11-21T14:55:43","guid":{"rendered":"http:\/\/aleksandrow.bimbambino.pl\/?page_id=3677"},"modified":"2018-11-21T16:56:16","modified_gmt":"2018-11-21T14:56:16","slug":"szlachetna-paczka-2018","status":"publish","type":"page","link":"http:\/\/aleksandrow.bimbambino.pl\/?page_id=3677","title":{"rendered":"Szlachetna Paczka 2018"},"content":{"rendered":"  <!-- Easing Slider -->\n    <div class=\"lof-container\" style=\"height:225px;padding-right:0px;padding-top:0px;padding-left:0px;padding-bottom:0px;\">\n      <div class=\"lof-slidecontent\" id=\"lofslidecontent45\" style=\"border:3px solid #ccc;width:800px;height:225px;\">\n        <div class=\"preload\" style=\"background:url(http:\/\/aleksandrow.bimbambino.pl\/wp-content\/plugins\/easing-slider\/images\/indicator.gif) no-repeat center center #fff;\">\n\n        <\/div>\n            <div class=\"lof-main-outer\" style=\"background: #fff;width:800px;height:225px;\">\n                <ul class=\"lof-main-wapper\">\n              \t\t<li><img src=\"http:\/\/aleksandrow.bimbambino.pl\/wp-content\/themes\/Linedy2\/images\/slider\/sl1.jpg\" style=\"width:800px;\" alt=\"\" \/><\/li>\t\t<li><img src=\"http:\/\/aleksandrow.bimbambino.pl\/wp-content\/themes\/Linedy2\/images\/slider\/sl2.jpg\" style=\"width:800px;\" alt=\"\" \/><\/li>\t\t<li><img src=\"http:\/\/aleksandrow.bimbambino.pl\/wp-content\/themes\/Linedy2\/images\/slider\/sl3.jpg\" style=\"width:800px;\" alt=\"\" \/><\/li><\/ul><\/div>                <div class=\"lof-navigator-wapper\" style=\"bottom:-35px;left: 0;padding:5px 5px;\">\n                  <div class=\"lof-navigator-outer\">\n                    <ul class=\"lof-navigator\">\n                      <li><span>.<\/span><\/li><li><span>.<\/span><\/li><li><span>.<\/span><\/li>             <\/ul>\n                <\/div>\n              <\/div>\n              \n            <\/div>\n          <\/div><img src=\"http:\/\/aleksandrow.bimbambino.pl\/wp-content\/plugins\/easing-slider\/images\/shadow_arc.png\" style=\"width:800px; padding-left:0px;padding-bottom:0px;padding-top:6px;margin-left:3px;\" alt=\"\" \/><!-- End of Easing Slider -->\n<h2>Szlachetna Paczka 2018<\/h2>\n<p><span style=\"color: #c0c0c0;\">__________________________________________________________________________<\/span><\/p>\n<p style=\"text-align: center;\"><span style=\"color: #ff0000;\">DRODZY RODZICE!!!<\/span><\/p>\n<p style=\"text-align: center;\"><b> N<\/b>asze Przedszkole bierze udzia\u0142 w akcji charytatywnej<\/p>\n<p style=\"text-align: center;\">\n<a href=\"http:\/\/aleksandrow.bimbambino.pl\/wp-content\/gallery\/03\/szlachetna2017.jpg\" title=\"\" class=\"shutterset_singlepic47333\" >\n\t<img class=\"ngg-singlepic ngg-center\" src=\"http:\/\/aleksandrow.bimbambino.pl\/wp-content\/gallery\/cache\/47333__370x270_szlachetna2017.jpg\" alt=\"szlachetna2017\" title=\"szlachetna2017\" \/>\n<\/a>\n<\/p>\n<p style=\"text-align: center;\"><b><span style=\"text-decoration: underline;\">Szlachetna Paczka. <\/span><\/b><\/p>\n<p>Pani Zofia (35 l.) i Pan Piotr (38 l.) razem wychowuj\u0105 dwie c\u00f3reczki, Dari\u0119 (2,5 l.) oraz Korneli\u0119 (2, 5m.).\u00a0 Mimo trudno\u015bci losu, jakie im niesie tworz\u0105 zgrane, wspieraj\u0105ce si\u0119 ma\u0142\u017ce\u0144stwo. Mama pani Zofii w miar\u0119 swoich mo\u017cliwo\u015bci pomaga w opiece nad dzie\u0107mi. Pani Zofia przez wiele lat pracowa\u0142a jako sprz\u0105taczka, natomiast pan Piotr pracowa\u0142 w firmie budowlanej. Kiedy ponad dwa lata temu dowiedzieli si\u0119, \u017ce zostan\u0105 rodzicami, byli bardzo szcz\u0119\u015bliwi, problemy jednak pojawi\u0142y si\u0119, kiedy pani Zofia w odpowiednim ju\u017c na to czasie nie czu\u0142a ruch\u00f3w dziecka. Po wizycie u lekarza prowadz\u0105cego okaza\u0142o si\u0119, \u017ce ich c\u00f3reczka urodzi si\u0119 niepe\u0142nosprawna. Daria urodzi\u0142a si\u0119 ze stwierdzonym zespo\u0142em Draveta, ma padaczk\u0119, problemy gastrologiczne. Rodzina je\u017adzi do wielu specjalist\u00f3w, aby ul\u017cy\u0107 dziecku. Korzystaj\u0105 z pomocy neurologa, gastrologa, okulisty, kardiologa, nie wszystkie wizyty mog\u0105 odby\u0107 si\u0119 na NFZ, gdy\u017c cz\u0119sto bardzo wa\u017cny jest czas, aby ich c\u00f3rka otrzyma\u0142a konieczna pomoc w szybkim czasie. Pan Piotr, kiedy urodzi\u0142a si\u0119 druga c\u00f3reczka Kornelka, musia\u0142 zrezygnowa\u0107 z pracy, aby m\u00f3c pom\u00f3c swojej \u017conie w opiece nad dzie\u0107mi. To w\u0142a\u015bnie Pan Piotr je\u017adzi do specjalist\u00f3w na terenie nawet ca\u0142ej Polski. Po odliczeniu koszt\u00f3w utrzymania mieszkania, wyjazd\u00f3w, zakupie lek\u00f3w, na \u017cycie pozosta\u0142e niewiele- oko\u0142o 300 z\u0142. Pani Zofia z wielkim wzruszeniem opowiada\u0142a o codzienno\u015bci ich \u017cycia. W ostatnim czasie ataki Darii zwi\u0119kszy\u0142y si\u0119, co bardzo ich martwi. Dla nich najwa\u017cniejsze jest zdrowie dzieci. Ma\u0142a Daria jest bardzo pogodn\u0105 i \u015bmia\u0142\u0105 dziewczynk\u0105. Pan Piotr wspomina, \u017ce czasami Daria jest bardziej dzielna od rodzic\u00f3w, dobrze znosi podr\u00f3\u017ce, tak jakby wiedzia\u0142a, \u017ce w ten spos\u00f3b musi pom\u00f3c tacie. Rodzina najbardziej potrzebuje obuwia ortopedycznego (orteza rehabilitacyjna) dla Darii. Jest ono niezb\u0119dne, aby Daria podczas codziennych \u0107wicze\u0144 mog\u0142a stawia\u0107 pierwsze swoje kroki. Kolejn\u0105 wa\u017cn\u0105 potrzeb\u0105 dla rodziny jest w\u0119giel i \u017cywno\u015b\u0107.<\/p>\n<p align=\"center\">Potrzeby, kt\u00f3re rodzina okre\u015bli\u0142a s\u0105 nast\u0119puj\u0105ce:<\/p>\n<table border=\"1\" cellspacing=\"0\" cellpadding=\"0\">\n<tbody>\n<tr>\n<td valign=\"top\" width=\"706\">\n<p align=\"center\"><b>\u00a0<\/b><\/p>\n<p align=\"center\"><b>\u017bYWNO\u015a\u0106 TRWA\u0141A:<\/b><\/p>\n<p align=\"center\"><b>herbata, kawa, ry\u017c, kasza, makaron, m\u0105ka, cukier, olej, d\u017cem, konserwy mi\u0119sne, konserwy rybne, warzywa w puszkach, przeciery pomidorowe i og\u00f3rkowe, ketchup i inne<\/b><\/p>\n<p align=\"center\"><b>\u015aRODKI CZYSTO\u015aCI<\/b><\/p>\n<p align=\"center\"><b>proszek do prania, p\u0142yny czyszcz\u0105ce, p\u0142yn do mycia naczy\u0144, szampon, pasta do z\u0119b\u00f3w, szczoteczka do z\u0119b\u00f3w, myd\u0142o\/\u017cel myj\u0105cy i inne<\/b><\/p>\n<p align=\"center\"><b>\u00a0<\/b><\/p>\n<p align=\"center\"><b>PRODUKTY DLA NIEMOWL\u0104T:<\/b><\/p>\n<p align=\"center\"><b>oliwka, kremy piel\u0119gnacyjne dla dzieci, mleko Bebiko 1, pieluchy Dada , chusteczki nawil\u017cone, p\u0142yny do k\u0105pieli dla dziecka, szampony dla dzieci<\/b><\/p>\n<p align=\"center\"><b>\u00a0<\/b><\/p>\n<p align=\"center\"><b>\u00a0<\/b><\/p>\n<\/td>\n<td valign=\"top\" width=\"706\">\n<p align=\"center\"><b>\u00a0<\/b><\/p>\n<p align=\"center\"><b>ODZIE\u017b:<\/b><\/p>\n<p align=\"center\"><b>Daria (2,5 lat): spodnie, bluzki, rajstopy, sukienka, obuwie ortezy rozm. 22<\/b><\/p>\n<p align=\"center\"><b>Kornelia (2,5 m-ca): spodnie, bluzki, rajstopy, obuwie<\/b><\/p>\n<p align=\"center\"><b>Pani Zofia \u2013 obuwie sportowe rozm. 37<\/b><\/p>\n<p align=\"center\"><b>\u00a0<\/b><\/p>\n<p align=\"center\"><b>SPECJALNE UPOMINKI:<\/b><\/p>\n<p align=\"center\"><b>Pani Zofia marzy o niedu\u017cej torebce przek\u0142adanej na pasku przez rami\u0119, aby by\u0142o jej wygodnie nosi\u0107 w podr\u00f3\u017cy z dzie\u0107mi. <\/b><\/p>\n<p align=\"center\"><b>Pan Piotr interesuje si\u0119 komputerami, gad\u017cetami komputerowymi.<\/b><\/p>\n<p align=\"center\"><b>\u00a0<\/b><\/p>\n<p align=\"center\"><b>INNE POTRZEBY:<\/b><\/p>\n<p align=\"center\"><b>w\u0119giel<\/b><\/p>\n<\/td>\n<\/tr>\n<\/tbody>\n<\/table>\n<p align=\"center\"><b>\u00a0<\/b><\/p>\n<p align=\"center\"><span style=\"color: #ff0000;\"><b>ZBI\u00d3RKA TRWA TYLKO DO 7 GRUDNIA 2018!<\/b><\/span><\/p>\n<p>&nbsp;<\/p>\n","protected":false},"excerpt":{"rendered":"<p>Szlachetna Paczka 2018 __________________________________________________________________________ DRODZY RODZICE!!! Nasze Przedszkole bierze udzia\u0142 w akcji charytatywnej Szlachetna Paczka. Pani Zofia (35 l.) i Pan Piotr (38 l.) razem wychowuj\u0105 dwie c\u00f3reczki, Dari\u0119 (2,5 l.) oraz Korneli\u0119 (2, 5m.).\u00a0 Mimo trudno\u015bci losu, jakie im niesie tworz\u0105 zgrane, wspieraj\u0105ce si\u0119 ma\u0142\u017ce\u0144stwo. Mama pani Zofii w miar\u0119 swoich mo\u017cliwo\u015bci pomaga w<\/p>\n","protected":false},"author":2,"featured_media":0,"parent":0,"menu_order":0,"comment_status":"closed","ping_status":"closed","template":"","meta":[],"_links":{"self":[{"href":"http:\/\/aleksandrow.bimbambino.pl\/index.php?rest_route=\/wp\/v2\/pages\/3677"}],"collection":[{"href":"http:\/\/aleksandrow.bimbambino.pl\/index.php?rest_route=\/wp\/v2\/pages"}],"about":[{"href":"http:\/\/aleksandrow.bimbambino.pl\/index.php?rest_route=\/wp\/v2\/types\/page"}],"author":[{"embeddable":true,"href":"http:\/\/aleksandrow.bimbambino.pl\/index.php?rest_route=\/wp\/v2\/users\/2"}],"replies":[{"embeddable":true,"href":"http:\/\/aleksandrow.bimbambino.pl\/index.php?rest_route=%2Fwp%2Fv2%2Fcomments&post=3677"}],"version-history":[{"count":2,"href":"http:\/\/aleksandrow.bimbambino.pl\/index.php?rest_route=\/wp\/v2\/pages\/3677\/revisions"}],"predecessor-version":[{"id":3680,"href":"http:\/\/aleksandrow.bimbambino.pl\/index.php?rest_route=\/wp\/v2\/pages\/3677\/revisions\/3680"}],"wp:attachment":[{"href":"http:\/\/aleksandrow.bimbambino.pl\/index.php?rest_route=%2Fwp%2Fv2%2Fmedia&parent=3677"}],"curies":[{"name":"wp","href":"https:\/\/api.w.org\/{rel}","templated":true}]}}