{"id":1147,"date":"2013-11-21T08:36:53","date_gmt":"2013-11-21T06:36:53","guid":{"rendered":"http:\/\/aleksandrow.bimbambino.pl\/?page_id=1147"},"modified":"2013-11-21T14:11:16","modified_gmt":"2013-11-21T12:11:16","slug":"omowienie-zmian-zywieniowych","status":"publish","type":"page","link":"http:\/\/aleksandrow.bimbambino.pl\/?page_id=1147","title":{"rendered":"Om\u00f3wienie zmian \u017cywieniowych"},"content":{"rendered":"  <!-- Easing Slider -->\n    <div class=\"lof-container\" style=\"height:225px;padding-right:0px;padding-top:0px;padding-left:0px;padding-bottom:0px;\">\n      <div class=\"lof-slidecontent\" id=\"lofslidecontent45\" style=\"border:3px solid #ccc;width:800px;height:225px;\">\n        <div class=\"preload\" style=\"background:url(http:\/\/aleksandrow.bimbambino.pl\/wp-content\/plugins\/easing-slider\/images\/indicator.gif) no-repeat center center #fff;\">\n\n        <\/div>\n            <div class=\"lof-main-outer\" style=\"background: #fff;width:800px;height:225px;\">\n                <ul class=\"lof-main-wapper\">\n              \t\t<li><img src=\"http:\/\/aleksandrow.bimbambino.pl\/wp-content\/themes\/Linedy2\/images\/slider\/sl1.jpg\" style=\"width:800px;\" alt=\"\" \/><\/li>\t\t<li><img src=\"http:\/\/aleksandrow.bimbambino.pl\/wp-content\/themes\/Linedy2\/images\/slider\/sl2.jpg\" style=\"width:800px;\" alt=\"\" \/><\/li>\t\t<li><img src=\"http:\/\/aleksandrow.bimbambino.pl\/wp-content\/themes\/Linedy2\/images\/slider\/sl3.jpg\" style=\"width:800px;\" alt=\"\" \/><\/li><\/ul><\/div>                <div class=\"lof-navigator-wapper\" style=\"bottom:-35px;left: 0;padding:5px 5px;\">\n                  <div class=\"lof-navigator-outer\">\n                    <ul class=\"lof-navigator\">\n                      <li><span>.<\/span><\/li><li><span>.<\/span><\/li><li><span>.<\/span><\/li>             <\/ul>\n                <\/div>\n              <\/div>\n              \n            <\/div>\n          <\/div><img src=\"http:\/\/aleksandrow.bimbambino.pl\/wp-content\/plugins\/easing-slider\/images\/shadow_arc.png\" style=\"width:800px; padding-left:0px;padding-bottom:0px;padding-top:6px;margin-left:3px;\" alt=\"\" \/><!-- End of Easing Slider -->\n<h2>Om\u00f3wienie zmian \u017cywieniowych<\/h2>\n<p><span style=\"color: #c0c0c0;\">________________________________________________________________________<\/span><\/p>\n<p>Drodzy Rodzice,<br \/>\nmijaj\u0105 3 miesi\u0105ce od kiedy wprowadzili\u015bmy w naszym przedszkolu zmiany \u017cywieniowe.<\/p>\n<p>Jeste\u015bmy z tych zmian bardzo zadowoleni, wiemy bowiem, \u017ce dzieci, kt\u00f3rymi si\u0119 opiekujemy s\u0105 \u017cywione zgodnie z wszelkimi normami i zasadami zdrowego \u017cywienia dzieci w wieku przedszkolnym.<\/p>\n<p>Jak Pa\u0144stwo wiecie odpowiednia dieta ma\u0142ego dziecka ma ogromny wp\u0142yw na jego rozw\u00f3j, odporno\u015b\u0107, samopoczucie, zdrowie, a co istotne wykszta\u0142ca w ma\u0142ym cz\u0142owieku zdrowe nawyki \u017cywieniowe na ca\u0142e \u017cycie. Przedszkole nasze prowadzi ca\u0142y proces zdrowego \u017cywienia dzieci pod okiem Kampanii ,, Zdrowy Przedszkolak&#8221;, do kt\u00f3rej si\u0119 zakwalifikowa\u0142o, o czym informowali\u015bmy\u00a0 Pa\u0144stwa na naszej stronie internetowej. Sztab specjalist\u00f3w ocenia jad\u0142ospisy, pomaga je odpowiednio u\u0142o\u017cy\u0107 i zbilansowa\u0107.<br \/>\nPoza tym monitorowany jest spos\u00f3b przyrz\u0105dzania posi\u0142k\u00f3w oraz u\u017cywanych sk\u0142adnik\u00f3w czy przypraw.<br \/>\nCa\u0142y czas pracujemy jeszcze nad idealnym menu dla dzieci naszego przedszkola.<\/p>\n<p>Przez 3 miesi\u0105ce testowali\u015bmy r\u00f3\u017cne potrawy i dzisiaj wiemy ju\u017c, kt\u00f3re z nich nale\u017cy wyeliminowa\u0107, a kt\u00f3re na sta\u0142e zagoszcz\u0105 w naszych jad\u0142ospisach.<\/p>\n<p><span style=\"color: #008000;\"><strong>Nie sprawdzi\u0142y si\u0119 i nie b\u0119dziemy ju\u017c proponowa\u0107 dzieciom<\/strong>:<\/span> go\u0142\u0105bk\u00f3w z kasz\u0105, sufletu sojowego, zupy cytrynowej, babki ziemniaczanej, kotlet\u00f3w z fasoli, makaronu razowego<\/p>\n<p><span style=\"color: #008000;\"><strong>Dzieci przyj\u0119\u0142y z pewn\u0105 doz\u0105 nie\u015bmia\u0142o\u015bci, ale polubi\u0142y<\/strong><\/span> : koktajle owocowe, sa\u0142aty i warzywa na kanapkach, soczewic\u0119 i kasz\u0119 jaglan\u0105\u00a0jako dodatek do zup, suszone owoce<\/p>\n<p><span style=\"color: #008000;\"><strong>Sukcesem smakowym od pierwszego k\u0119sa okaza\u0142y si\u0119<\/strong>:<\/span> wszelakie pasztety pieczone w przedszkolu, pasty na chleb, racuchy, makaron z pesto, kopytka dyniowe, placuszki z cukinii, ciasteczka owsiane, szarlotka z m\u0105ki razowej, ciasto marchewkowe, kolorowe ziemniaki, kie\u0142ki i pra\u017cone ziarna na kanapki,\u00a0kompoty.<\/p>\n<p>Dodam r\u00f3wnie\u017c, \u017ce staramy si\u0119 powoli ogranicza\u0107 cukier, st\u0105d w podwieczorkach pojawiaj\u0105 si\u0119 warzywa i owoce do pochrupania ale r\u00f3wnie\u017c zmniejszamy ilo\u015b\u0107 cukru w\u00a0napojach zast\u0119puj\u0105c go miodem w przypadkach kwa\u015bnych kompot\u00f3w oraz wprowadzamy wod\u0119 do popicia.<\/p>\n<p>Dzieciom bardzo podoba si\u0119 samodzielne,\u00a0\u015brodowe przygotowywanie \u015bniada\u0144, wi\u0119c wiosn\u0105 prawdopodobnie wprowadzimy kolejny taki dzie\u0144. Pa\u0144stwo cz\u0119sto pytacie o przepisy, dlatego wprowadzili\u015bmy na stronie w zak\u0142adce ,,wy\u017cywienie&#8221; kolejn\u0105 zak\u0142adk\u0119\u00a0 -,,Nasze przepisy&#8221;,\u00a0w kt\u00f3rym\u00a0szefowa kuchni umieszcza przepisy na potrawy, o kt\u00f3re Pa\u0144stwo dopytujecie. Zach\u0119cam wszystkich\u00a0do takich zapyta\u0144, jak r\u00f3wnie\u017c\u00a0do podawania swoich przepis\u00f3w, kt\u00f3rych jeste\u015bcie\u00a0Pa\u0144stwo pewni i kt\u00f3re mog\u0105 zago\u015bci\u0107 w naszym jad\u0142ospisie.<\/p>\n<p>Dzi\u0119kuj\u0119 bardzo wszystkim Pa\u0144stwu za maile oraz\u00a0s\u0142owa wsparcia, zrozumienia i zadowolenia z naszej ,,kuchennej rewolucji&#8221;, kt\u00f3re s\u0105 dla nas ogromnie cenne.<\/p>\n<p>Zmiana ta wymaga od\u00a0dzieci, od nas &#8211; pracownik\u00f3w przedszkola,\u00a0a w pewnym sensie\u00a0tak\u017ce rodzic\u00f3w pokonania wcale nie ma\u0142ych trudno\u015bci, cz\u0119sto zmiany nawyk\u00f3w , smak\u00f3w, czy przekona\u0144, na co potrzebny jest czas i determinacja w poszukiwaniach idealnych potraw. Cel, czyli dbanie o zdrowie naszych dzieci jest jednak najwa\u017cniejszy.<\/p>\n<p>Je\u017celi kto\u015b z Pa\u0144stwa jest mimo wszystko niezadowolony, czy zaniepokojony, to bardzo prosz\u0119 kolejny raz o zg\u0142aszanie swoich w\u0105tpliwo\u015bci do nas. Ja ch\u0119tnie s\u0142u\u017c\u0119 pomoc\u0105 , wyja\u015bnieniami, odpisuj\u0119 na maile, odbieram telefony, umawiam si\u0119 na spotkania. Koordynatorka Kampanii Zdrowy Przedszkolak zorganizuje u nas spotkanie &#8211; szkolenie ze specjalistami z dziedziny zdrowego \u017cywienia, kt\u00f3rzy odpowiedz\u0105 na Pa\u0144stwa pytania czy w\u0105tpliwo\u015bci. Nie znamy jeszcze terminu tego spotkania, jak tylko zostanie ustalony, poinformujemy Pa\u0144stwa.\u00a0O naszych zmianach informowali\u015bmy tak\u017ce pracownik\u00f3w Sanepidu, przeszli\u015bmy bez zastrze\u017ce\u0144 niejedn\u0105 kontrol\u0119 od wrze\u015bnia, maj\u0105c\u0105 na celu ocen\u0119 warunk\u00f3w sanitarnych przygotowywania i wydawania posi\u0142k\u00f3w, a tak\u017ce ich smaku i jako\u015bci.<\/p>\n<p>Sama nie odebra\u0142am ani jednego maila, czy telefonu z negatywnymi uwagami na temat \u017cywienia w naszym przedszkolu, wielkie wi\u0119c\u00a0by\u0142o nasze zdziwienie wczoraj (19.11.2013), gdy okaza\u0142o si\u0119, i\u017c kto\u015b z rodzic\u00f3w anonimowo wni\u00f3s\u0142 skarg\u0119 do Sanepidu, wypowiadaj\u0105c si\u0119,\u00a0jak twierdzi\u00a0w imieniu jeszcze kilku innych os\u00f3b (r\u00f3wnie\u017c anonimowych ). Donos ten dotyczy\u0142 z\u0142ego \u017cywienia i z\u0142ych warunk\u00f3w sanitarnych jakie, zdaniem tej osoby, panuj\u0105 w przedszkolu. Niezapowiedziana kontrola, jak\u0105 wczoraj przeszli\u015bmy z tego powodu, w porze\u00a0wydawania obiadu zako\u0144czy\u0142a si\u0119 protoko\u0142em, w kt\u00f3rym\u00a0zapisane zosta\u0142o, i\u017c wszelkie kontrolowane aspekty (w tym temperatura, smak\u00a0i jako\u015b\u0107 potraw, a tak\u017ce fakt, czy dzieci\u00a0zjadaj\u0105\u00a0 swoje porcje i czy s\u0105 one odpowiedniej wielko\u015bci) \u00a0prowadzone s\u0105 przez nas bez zastrze\u017ce\u0144. Scan powy\u017cszego protoko\u0142u\u00a0za\u0142\u0105czam. Je\u015bli widz\u0105 Pa\u0144stwo problem albo jaki\u015b\u00a0aspekt naszej pracy si\u0119 Pa\u0144stwu nie podoba, bardzo prosimy o skierowanie swoich krok\u00f3w do nas i pr\u00f3b\u0119 poszukania wsp\u00f3lnego rozwi\u0105zania\u00a0 W\u00a0przeciwnym razie\u00a0krytyczne uwagi na nasz temat s\u0105 przez nas odbierane jako niech\u0119\u0107 Pa\u0144stwa do naszej plac\u00f3wki i jej pracownik\u00f3w, a istota problemu i tak pozostaje nierozwi\u0105zana.<\/p>\n<p style=\"text-align: center;\">Z wyrazami szacunku<\/p>\n<p style=\"text-align: center;\">Magda \u0141\u0119gowska<\/p>\n<p>Za\u0142\u0105czniki:<\/p>\n<p><a href=\"http:\/\/aleksandrow.bimbambino.pl\/wp-content\/uploads\/kontrola1.jpg\"  rel=\"lightbox[roadtrip]\">Protok\u00f3\u0142 1 strona<\/a>, <a href=\"http:\/\/aleksandrow.bimbambino.pl\/wp-content\/uploads\/kontrola2.jpg\"  rel=\"lightbox[roadtrip]\">Protok\u00f3\u0142 2 strona<\/a>, <a href=\"http:\/\/aleksandrow.bimbambino.pl\/wp-content\/uploads\/kontrola3.jpg\"  rel=\"lightbox[roadtrip]\">Protok\u00f3\u0142 3 strona<\/a><\/p>\n","protected":false},"excerpt":{"rendered":"<p>Om\u00f3wienie zmian \u017cywieniowych ________________________________________________________________________ Drodzy Rodzice, mijaj\u0105 3 miesi\u0105ce od kiedy wprowadzili\u015bmy w naszym przedszkolu zmiany \u017cywieniowe. Jeste\u015bmy z tych zmian bardzo zadowoleni, wiemy bowiem, \u017ce dzieci, kt\u00f3rymi si\u0119 opiekujemy s\u0105 \u017cywione zgodnie z wszelkimi normami i zasadami zdrowego \u017cywienia dzieci w wieku przedszkolnym. Jak Pa\u0144stwo wiecie odpowiednia dieta ma\u0142ego dziecka ma ogromny wp\u0142yw na<\/p>\n","protected":false},"author":2,"featured_media":0,"parent":0,"menu_order":0,"comment_status":"closed","ping_status":"closed","template":"","meta":[],"_links":{"self":[{"href":"http:\/\/aleksandrow.bimbambino.pl\/index.php?rest_route=\/wp\/v2\/pages\/1147"}],"collection":[{"href":"http:\/\/aleksandrow.bimbambino.pl\/index.php?rest_route=\/wp\/v2\/pages"}],"about":[{"href":"http:\/\/aleksandrow.bimbambino.pl\/index.php?rest_route=\/wp\/v2\/types\/page"}],"author":[{"embeddable":true,"href":"http:\/\/aleksandrow.bimbambino.pl\/index.php?rest_route=\/wp\/v2\/users\/2"}],"replies":[{"embeddable":true,"href":"http:\/\/aleksandrow.bimbambino.pl\/index.php?rest_route=%2Fwp%2Fv2%2Fcomments&post=1147"}],"version-history":[{"count":19,"href":"http:\/\/aleksandrow.bimbambino.pl\/index.php?rest_route=\/wp\/v2\/pages\/1147\/revisions"}],"predecessor-version":[{"id":1174,"href":"http:\/\/aleksandrow.bimbambino.pl\/index.php?rest_route=\/wp\/v2\/pages\/1147\/revisions\/1174"}],"wp:attachment":[{"href":"http:\/\/aleksandrow.bimbambino.pl\/index.php?rest_route=%2Fwp%2Fv2%2Fmedia&parent=1147"}],"curies":[{"name":"wp","href":"https:\/\/api.w.org\/{rel}","templated":true}]}}